{"id":56,"date":"2021-12-10T14:21:02","date_gmt":"2021-12-10T13:21:02","guid":{"rendered":"https:\/\/www.campinglarenaudiere.com\/?page_id=56"},"modified":"2025-06-25T14:11:12","modified_gmt":"2025-06-25T12:11:12","slug":"tarife-fur-die-vermietung-von-mobilheimen","status":"publish","type":"page","link":"https:\/\/www.mirabel-clostranquille.com\/de\/tarifs-locations-mobilhomes\/","title":{"rendered":"Mobilheime"},"content":{"rendered":"<h1 class=\"wp-block-heading\" id=\"location-de-mobil-home-au-camping-4-etoiles-en-loire-atlantique\"><strong>Ihre Ferienunterkunft in Saint-Cast-le-Guildo<\/strong><\/h1>\n\n\n\n<p class=\"has-text-align-center\">F\u00fcr Ihren ruhigen Urlaub in der Bretagne bieten wir Ihnen verschiedene Auswahlm\u00f6glichkeiten an Mobilheimen f\u00fcr Sie und Ihre Lieben.<\/p>\n\n\n\n<div class=\"wp-block-media-text alignwide has-media-on-the-right is-stacked-on-mobile\"><div class=\"wp-block-media-text__content\">\n<p class=\"texte-rond has-orange-color has-text-color has-large-font-size\">Unsere Mobilheime f\u00fcr bis zu 6 Personen<\/p>\n\n\n\n<p class=\"justify-content\">Wenn Sie sich auf dem Campingplatz Le Clos Tranquille aufhalten, k\u00f6nnen Sie Ihre ganze kleine Sippe mit in den Urlaub nehmen. Wir verf\u00fcgen \u00fcber <strong>Mobilheime mit 2 bis 3 Schlafzimmern<\/strong> die bis zu 6 Personen beherbergen k\u00f6nnen. Alle sind auf gro\u00dfen, abgegrenzten Parzellen untergebracht, sodass Sie Ihren Platz ganz privat genie\u00dfen k\u00f6nnen. Stellen Sie Ihre Koffer ab! Unsere Mietunterk\u00fcnfte sind alle ausgestattet: eingerichtete und ausgestattete K\u00fcche, Wohn- und Esszimmer mit Sofa, Esstisch und Fernseher, Badezimmer, separates WC und Schlafzimmer mit Stauraum.<\/p>\n\n\n\n<p><\/p>\n<\/div><figure class=\"wp-block-media-text__media\"><img loading=\"lazy\" decoding=\"async\" width=\"1024\" height=\"683\" src=\"https:\/\/www.mirabel-clostranquille.com\/wp-content\/uploads\/2022\/11\/salon-mobil-home-2chambres-1-1024x683.jpg\" alt=\"interieur mobilheim le clos tranquille\" class=\"wp-image-7604 size-full\" srcset=\"https:\/\/www.mirabel-clostranquille.com\/wp-content\/uploads\/2022\/11\/salon-mobil-home-2chambres-1-1024x683.jpg 1024w, https:\/\/www.mirabel-clostranquille.com\/wp-content\/uploads\/2022\/11\/salon-mobil-home-2chambres-1-300x200.jpg 300w, https:\/\/www.mirabel-clostranquille.com\/wp-content\/uploads\/2022\/11\/salon-mobil-home-2chambres-1-768x512.jpg 768w, https:\/\/www.mirabel-clostranquille.com\/wp-content\/uploads\/2022\/11\/salon-mobil-home-2chambres-1.jpg 1200w\" sizes=\"auto, (max-width: 1024px) 100vw, 1024px\" \/><\/figure><\/div>\n\n\n\n<div style=\"height:46px\" aria-hidden=\"true\" class=\"wp-block-spacer\"><\/div>\n\n\n\n<div class=\"wp-block-columns is-layout-flex wp-container-core-columns-is-layout-28f84493 wp-block-columns-is-layout-flex\">\n<div class=\"wp-block-column is-layout-flow wp-block-column-is-layout-flow\">\n<h2 class=\"wp-block-heading\" id=\"gamme-superieure-de-l-espace-et-du-confort\">Oberes Spektrum<\/h2>\n\n\n\n<figure class=\"wp-block-image size-full\"><img decoding=\"async\" src=\"https:\/\/www.campinglarenaudiere.com\/wp-content\/uploads\/2022\/01\/barre-bleue.png\" alt=\"camping saint cast le guildo\" class=\"wp-image-2382\"\/><\/figure>\n\n\n<div class=\"multiple-hebergements\">\r\n<article class=\"multiple-item clearfix\">\r\n<a href=\"https:\/\/www.mirabel-clostranquille.com\/de\/hebergement\/mh-emeraude-2-ch\/\">\r\n\t<div class=\"d-flex flex-column\">\r\n\t\t\r\n\t\t<div class=\"multiple-item-photo\">\r\n\t\t\t<img decoding=\"async\" src=\"https:\/\/www.mirabel-clostranquille.com\/wp-content\/uploads\/2022\/11\/location-mobilhome-2-chambres_1-1024x683.jpg\" alt=\"Mobilheim 2 Zimmer - 4 Personen\">\r\n\t\t<\/div>\r\n\r\n\t\t<div class=\"multiple-item-titre\">\r\n\t\t\tMobilheim 2 Zimmer - 4 Personen \r\n\r\n\t\t\t\t\t\t\t\t\t\t\t\t<\/div>\r\n\t\t\r\n\t\t<div class=\"multiple-item-desc\">\r\n\t\t\t\t\t\t\t\t\t\t\t<div class=\"multiple-item-nbchambres multiple-item-champ\">\r\n\t\t\t\t\t<span class=\"val\">2<\/span>&nbsp;\r\n\t\t\t\t\t<span class=\"lbl\">ch<\/span>\r\n\t\t\t\t<\/div>\r\n\t\t\t\r\n\t\t\t\t\t\t\t\t\t\t\t<div class=\"multiple-item-nbpersonnes multiple-item-champ\">\r\n\t\t\t\t\t<span class=\"val\">4\/5<\/span>&nbsp;\r\n\t\t\t\t\t<span class=\"lbl\"><i class=\"fas fa-male\"><\/i><\/span>\r\n\t\t\t\t<\/div>\r\n\t\t\t\r\n\t\t\t\r\n\r\n\r\n\t\t\t\r\n\t\t\t\r\n\r\n\t\t\t\t\t\t<div class=\"multiple-item-champ\">\r\n\t\t\t\t<span class=\"lbl\">Fl\u00e4che&nbsp;:<\/span>&nbsp;\r\n\t\t\t\t<span class=\"val\">29 m\u00b2<\/span>\r\n\t\t\t<\/div>\r\n\t\t\t\r\n\r\n\t\t\t\t\t<\/div>\r\n\r\n\r\n\t\t<button class=\"plus\">\r\n\t\t\tMehr dazu +\t\t<\/button>\r\n\r\n\t<\/div>\r\n<\/a>\r\n<\/article>\r\n\r\n<article class=\"multiple-item clearfix\">\r\n<a href=\"https:\/\/www.mirabel-clostranquille.com\/de\/hebergement\/mh-les-caps-3-ch\/\">\r\n\t<div class=\"d-flex flex-column\">\r\n\t\t\r\n\t\t<div class=\"multiple-item-photo\">\r\n\t\t\t<img decoding=\"async\" src=\"https:\/\/www.mirabel-clostranquille.com\/wp-content\/uploads\/2022\/11\/Mobil-home-3ch-superieur-1-1024x683.jpg\" alt=\"Mobil-home 3 chambres &#8211; 6 personnes\">\r\n\t\t<\/div>\r\n\r\n\t\t<div class=\"multiple-item-titre\">\r\n\t\t\tMobilheim 3 Zimmer - 6 Personen \r\n\r\n\t\t\t\t\t\t\t\t\t\t\t\t<\/div>\r\n\t\t\r\n\t\t<div class=\"multiple-item-desc\">\r\n\t\t\t\t\t\t\t\t\t\t\t<div class=\"multiple-item-nbchambres multiple-item-champ\">\r\n\t\t\t\t\t<span class=\"val\">3<\/span>&nbsp;\r\n\t\t\t\t\t<span class=\"lbl\">ch<\/span>\r\n\t\t\t\t<\/div>\r\n\t\t\t\r\n\t\t\t\t\t\t\t\t\t\t\t<div class=\"multiple-item-nbpersonnes multiple-item-champ\">\r\n\t\t\t\t\t<span class=\"val\">6<\/span>&nbsp;\r\n\t\t\t\t\t<span class=\"lbl\"><i class=\"fas fa-male\"><\/i><\/span>\r\n\t\t\t\t<\/div>\r\n\t\t\t\r\n\t\t\t\r\n\r\n\r\n\t\t\t\r\n\t\t\t\r\n\r\n\t\t\t\t\t\t<div class=\"multiple-item-champ\">\r\n\t\t\t\t<span class=\"lbl\">Fl\u00e4che&nbsp;:<\/span>&nbsp;\r\n\t\t\t\t<span class=\"val\">32 m\u00b2<\/span>\r\n\t\t\t<\/div>\r\n\t\t\t\r\n\r\n\t\t\t\t\t<\/div>\r\n\r\n\r\n\t\t<button class=\"plus\">\r\n\t\t\tMehr dazu +\t\t<\/button>\r\n\r\n\t<\/div>\r\n<\/a>\r\n<\/article>\r\n<\/div>\n<\/div>\n<\/div>\n\n\n\n<h2 class=\"wp-block-heading\">Komfort-Reihe<\/h2>\n\n\n\n<figure class=\"wp-block-image size-full\"><img loading=\"lazy\" decoding=\"async\" width=\"50\" height=\"8\" src=\"https:\/\/www.mirabel-clostranquille.com\/wp-content\/uploads\/2022\/11\/barre-bleue.png\" alt=\"camping saint cast le guildo\" class=\"wp-image-7801\"\/><\/figure>\n\n\n<div class=\"multiple-hebergements\">\r\n<article class=\"multiple-item clearfix\">\r\n<a href=\"https:\/\/www.mirabel-clostranquille.com\/de\/hebergement\/mh-armor-2-ch\/\">\r\n\t<div class=\"d-flex flex-column\">\r\n\t\t\r\n\t\t<div class=\"multiple-item-photo\">\r\n\t\t\t<img decoding=\"async\" src=\"https:\/\/www.mirabel-clostranquille.com\/wp-content\/uploads\/2022\/11\/terrasse-mobil-home-2chambres-1024x682.jpg\" alt=\"Mobil-home 2 chambres &#8211;  4 pers.\">\r\n\t\t<\/div>\r\n\r\n\t\t<div class=\"multiple-item-titre\">\r\n\t\t\tMobilheim 2 Zimmer - 4 pers. \r\n\r\n\t\t\t\t\t\t\t\t\t\t\t\t<\/div>\r\n\t\t\r\n\t\t<div class=\"multiple-item-desc\">\r\n\t\t\t\t\t\t\t\t\t\t\t<div class=\"multiple-item-nbchambres multiple-item-champ\">\r\n\t\t\t\t\t<span class=\"val\">2<\/span>&nbsp;\r\n\t\t\t\t\t<span class=\"lbl\">ch<\/span>\r\n\t\t\t\t<\/div>\r\n\t\t\t\r\n\t\t\t\t\t\t\t\t\t\t\t<div class=\"multiple-item-nbpersonnes multiple-item-champ\">\r\n\t\t\t\t\t<span class=\"val\">2\/4<\/span>&nbsp;\r\n\t\t\t\t\t<span class=\"lbl\"><i class=\"fas fa-male\"><\/i><\/span>\r\n\t\t\t\t<\/div>\r\n\t\t\t\r\n\t\t\t\r\n\r\n\r\n\t\t\t\r\n\t\t\t\r\n\r\n\t\t\t\t\t\t<div class=\"multiple-item-champ\">\r\n\t\t\t\t<span class=\"lbl\">Fl\u00e4che&nbsp;:<\/span>&nbsp;\r\n\t\t\t\t<span class=\"val\">29 m\u00b2<\/span>\r\n\t\t\t<\/div>\r\n\t\t\t\r\n\r\n\t\t\t\t\t<\/div>\r\n\r\n\r\n\t\t<button class=\"plus\">\r\n\t\t\tMehr dazu +\t\t<\/button>\r\n\r\n\t<\/div>\r\n<\/a>\r\n<\/article>\r\n<\/div>\n\n\n\n<div style=\"height:30px\" aria-hidden=\"true\" class=\"wp-block-spacer\"><\/div>\n\n\n\n<div class=\"wp-block-columns is-layout-flex wp-container-core-columns-is-layout-28f84493 wp-block-columns-is-layout-flex\">\n<div class=\"wp-block-column has-white-color has-text-color is-layout-flow wp-block-column-is-layout-flow\" id=\"options\">\n<div class=\"wp-block-group card h-100 pl-4 pr-4 pt-4 rounded-lg border border-info is-layout-flow wp-block-group-is-layout-flow\">\n<p class=\"has-text-align-left has-turquoise-color has-text-color has-medium-font-size\"><img decoding=\"async\" class=\"wp-image-1933\" style=\"width: 50px;\" src=\"https:\/\/www.campinglarenaudiere.com\/wp-content\/uploads\/2021\/12\/etoile.png\" alt=\"Stern\">   &nbsp;      <strong>OPTIONAL<\/strong><\/p>\n\n\n\n<figure class=\"wp-block-table text-left table-tarifs\"><table class=\"has-turquoise-color has-text-color\"><tbody><tr><td><mark style=\"background-color:rgba(0, 0, 0, 0)\" class=\"has-inline-color has-orange-color\"><strong><mark style=\"background-color:rgba(0, 0, 0, 0)\" class=\"has-inline-color has-orange-color\">\u2022<\/mark> <\/strong> <\/mark><strong>Bettlaken mieten<\/strong>s<\/td><td class=\"has-text-align-left\" data-align=\"left\"><strong>12 \u20ac \/ 15 \u20ac<\/strong>         <\/td><\/tr><tr><td><strong><mark style=\"background-color:rgba(0, 0, 0, 0)\" class=\"has-inline-color has-orange-color\">\u2022<\/mark> <\/strong> <strong>Verleih von Babyausstattungen<br><\/strong><em>(Kinderbett und Hochstuhl) <\/em><\/td><td class=\"has-text-align-left\" data-align=\"left\"><strong>3\u20ac \/ Tag<\/strong><\/td><\/tr><tr><td><strong><mark style=\"background-color:rgba(0, 0, 0, 0)\" class=\"has-inline-color has-orange-color\">\u2022<\/mark> <\/strong> <strong>W\u00e4scherei <br><\/strong><em>(Waschmaschine 5\u20ac, Waschmittel 1\u20ac, W\u00e4schetrockner 4\u20ac)<\/em><\/td><td class=\"has-text-align-left\" data-align=\"left\"><strong>1\u20ac \/ 5 \u20ac <\/strong><\/td><\/tr><tr><td><strong><mark style=\"background-color:rgba(0, 0, 0, 0)\" class=\"has-inline-color has-orange-color\">\u2022<\/mark> <\/strong> <strong>Haustiere akzeptiert  <em><br><\/em><\/strong><em>(Katze und Hunde, au\u00dfer Kat 1 und 2, <\/em><br><em>maximal 2 pro Stellplatz)<\/em> <\/td><td class=\"has-text-align-left\" data-align=\"left\"><strong>3 \u20ac\/Tag<\/strong><\/td><\/tr><tr><td><strong><mark style=\"background-color:rgba(0, 0, 0, 0)\" class=\"has-inline-color has-orange-color\">\u2022<\/mark> Grill<\/strong><br><em>(zur Selbstbedienung auf dem Campingplatz, <\/em><br><em>Gitter an der Rezeption erh\u00e4ltlich, Kaution 20\u20ac).<strong> <\/strong><\/em><\/td><td class=\"has-text-align-left\" data-align=\"left\"><strong>kostenlos<\/strong><\/td><\/tr><\/tbody><\/table><\/figure>\n<\/div>\n<\/div>\n\n\n\n<div class=\"wp-block-column is-vertically-aligned-top has-orange-color has-white-color has-text-color is-layout-flow wp-block-column-is-layout-flow\">\n<div class=\"wp-block-cover aligncenter card h-100 pl-4 pr-4 pt-4 rounded-lg border border-info\"><img decoding=\"async\" class=\"wp-block-cover__image-background wp-image-1376\" alt=\"\" src=\"https:\/\/www.campinglarenaudiere.com\/wp-content\/uploads\/2022\/01\/services-camping-Pornic.jpg\" style=\"object-position:61% 50%\" data-object-fit=\"cover\" data-object-position=\"61% 50%\"\/><span aria-hidden=\"true\" class=\"wp-block-cover__background has-turquoise-background-color has-background-dim-80 has-background-dim\"><\/span><div class=\"wp-block-cover__inner-container is-layout-flow wp-block-cover-is-layout-flow\">\n<p class=\"has-medium-font-size\"><img decoding=\"async\" class=\"wp-image-1977\" style=\"width: 70px;\" src=\"https:\/\/www.campinglarenaudiere.com\/wp-content\/uploads\/2021\/12\/smile-blanc.png\" alt=\"camping saint cast le guildo\"> \u00a0 <strong>PRAXIS<\/strong><\/p>\n\n\n\n<div style=\"height:18px\" aria-hidden=\"true\" class=\"wp-block-spacer\"><\/div>\n\n\n\n<p class=\"wp-block-sev-picto-text\"><i class=\"fa fa-calendar-alt\"><\/i><span> Reservierung f\u00fcr mindestens 2 N\u00e4chte <\/span><\/p>\n\n\n\n<p class=\"wp-block-sev-picto-text\"><i class=\"fa fa-clock\"><\/i><span>Ankunft ab 15 Uhr und Abreise bis 10 Uhr<\/span><\/p>\n\n\n\n<p class=\"wp-block-sev-picto-text\"><i class=\"fa fa-tv\"><\/i><span>TV in allen Mobilheimen<\/span><\/p>\n\n\n\n<p class=\"wp-block-sev-picto-text\"><i class=\"fas fa-wifi\"><\/i><span>Kostenpflichtiges WLAN (von 5 \u20ac bis 26 \u20ac je nach Dauer und Anzahl der Ger\u00e4te)<\/span><\/p>\n\n\n\n<div style=\"height:32px\" aria-hidden=\"true\" class=\"wp-block-spacer\"><\/div>\n\n\n\n<p class=\"has-text-align-center\"><strong>\u00d6ffnungszeiten der Rezeption <\/strong> <br><img decoding=\"async\" class=\"wp-image-4325\" style=\"width: 49px;\" src=\"https:\/\/www.campinglarenaudiere.com\/wp-content\/uploads\/2021\/12\/barre-camping-1.png\" alt=\"\"> <\/p>\n\n\n\n<p class=\"has-text-align-center\">Nebensaison: 10:00 bis 12:00 Uhr und 14:00 bis 18:00 Uhr<br>Juli und August: 9:00 bis 12:00 Uhr und 14:00 bis 19:00 Uhr<\/p>\n\n\n\n<p><\/p>\n<\/div><\/div>\n<\/div>\n<\/div>\n\n\n\n<p><\/p>\n\n\n\n<p class=\"has-text-align-center texte-rond mt-5 has-orange-color has-text-color has-large-font-size\">Was es auf dem Campingplatz zu entdecken gibt<\/p>\n\n\n\n<div class=\"wp-block-columns are-vertically-aligned-center h-20 front-page-section grey is-layout-flex wp-container-core-columns-is-layout-28f84493 wp-block-columns-is-layout-flex\">\n<div class=\"wp-block-column is-layout-flow wp-block-column-is-layout-flow\"><\/div>\n\n\n\n<div class=\"wp-block-column is-layout-flow wp-block-column-is-layout-flow\">\n<div class=\"wp-block-create-block-sevgutenberg-navigation\"><aside class=\"encart-sev-navigation small carre\"><a href=\"https:\/\/www.mirabel-clostranquille.com\/de\/zweitwohnsitz-bretagne\/\" class=\"d-flex flex-column align-items-center\"><div class=\"encart-title\"><span>Werden Sie Eigent\u00fcmer<\/span><\/div><div class=\"vague\"><\/div><img decoding=\"async\" src=\"https:\/\/www.mirabel-clostranquille.com\/wp-content\/uploads\/2022\/11\/maison-famille-tranquille-camping.jpg\" alt=\"eigent\u00fcmer werden in le clos tranquille\"\/><div class=\"ligne\"><\/div><div class=\"hover\"><\/div><\/a><\/aside><\/div>\n<\/div>\n\n\n\n<div class=\"wp-block-column is-vertically-aligned-center is-layout-flow wp-block-column-is-layout-flow\">\n<div class=\"wp-block-create-block-sevgutenberg-navigation\"><aside class=\"encart-sev-navigation small carre\"><a href=\"https:\/\/www.mirabel-clostranquille.com\/de\/campingdienste\/\" class=\"d-flex flex-column align-items-center\"><div class=\"encart-title\"><span>Dienste<\/span><\/div><div class=\"vague\"><\/div><img decoding=\"async\" src=\"https:\/\/www.mirabel-clostranquille.com\/wp-content\/uploads\/2022\/11\/clos-6.jpg\" alt=\"lebensmittelgesch\u00e4ft le clos tranquille\"\/><div class=\"ligne\"><\/div><div class=\"hover\"><\/div><\/a><\/aside><\/div>\n<\/div>\n\n\n\n<div class=\"wp-block-column is-vertically-aligned-center is-layout-flow wp-block-column-is-layout-flow\">\n<div class=\"wp-block-create-block-sevgutenberg-navigation\"><aside class=\"encart-sev-navigation small carre\"><a href=\"https:\/\/www.mirabel-clostranquille.com\/de\/die-erfahrungen\/\" class=\"d-flex flex-column align-items-center\"><div class=\"encart-title\"><span>Erfahrungen<\/span><\/div><div class=\"vague\"><\/div><img decoding=\"async\" src=\"https:\/\/www.mirabel-clostranquille.com\/wp-content\/uploads\/2022\/11\/header-enfants-vacances.jpg\" alt=\"erfahrung kinder im urlaub\"\/><div class=\"ligne\"><\/div><div class=\"hover\"><\/div><\/a><\/aside><\/div>\n<\/div>\n\n\n\n<div class=\"wp-block-column is-layout-flow wp-block-column-is-layout-flow\"><\/div>\n<\/div>","protected":false},"excerpt":{"rendered":"<p>Votre location de vacances \u00e0 Saint-Cast-le-Guildo Pour vos vacances en Bretagne au calme, nous vous proposons plusieurs choix de mobil-homes [&hellip;]<\/p>\n","protected":false},"author":1,"featured_media":0,"parent":0,"menu_order":0,"comment_status":"closed","ping_status":"closed","template":"","meta":{"_seopress_robots_primary_cat":"","_seopress_titles_title":"Tarifs location Saint Cast le Guildo Le Clos Tranquille","_seopress_titles_desc":"Pour mieux pr\u00e9parer vos vacances en C\u00f4tes d'Armor, retrouvez tous les tarifs de nos mobil-homes en location \u00e0 Saint Cast le Guildo","_seopress_robots_index":"","footnotes":""},"class_list":["post-56","page","type-page","status-publish","hentry"],"_links":{"self":[{"href":"https:\/\/www.mirabel-clostranquille.com\/de\/wp-json\/wp\/v2\/pages\/56","targetHints":{"allow":["GET"]}}],"collection":[{"href":"https:\/\/www.mirabel-clostranquille.com\/de\/wp-json\/wp\/v2\/pages"}],"about":[{"href":"https:\/\/www.mirabel-clostranquille.com\/de\/wp-json\/wp\/v2\/types\/page"}],"author":[{"embeddable":true,"href":"https:\/\/www.mirabel-clostranquille.com\/de\/wp-json\/wp\/v2\/users\/1"}],"replies":[{"embeddable":true,"href":"https:\/\/www.mirabel-clostranquille.com\/de\/wp-json\/wp\/v2\/comments?post=56"}],"version-history":[{"count":27,"href":"https:\/\/www.mirabel-clostranquille.com\/de\/wp-json\/wp\/v2\/pages\/56\/revisions"}],"predecessor-version":[{"id":10390,"href":"https:\/\/www.mirabel-clostranquille.com\/de\/wp-json\/wp\/v2\/pages\/56\/revisions\/10390"}],"wp:attachment":[{"href":"https:\/\/www.mirabel-clostranquille.com\/de\/wp-json\/wp\/v2\/media?parent=56"}],"curies":[{"name":"wp","href":"https:\/\/api.w.org\/{rel}","templated":true}]}}