{"id":6917,"date":"2022-11-08T11:24:51","date_gmt":"2022-11-08T10:24:51","guid":{"rendered":"https:\/\/www.mirabel-clostranquille.com\/?page_id=6917"},"modified":"2025-06-25T14:12:11","modified_gmt":"2025-06-25T12:12:11","slug":"campingplatz","status":"publish","type":"page","link":"https:\/\/www.mirabel-clostranquille.com\/de\/emplacements\/","title":{"rendered":"Campingpl\u00e4tze"},"content":{"rendered":"<h1 class=\"wp-block-heading\" id=\"location-de-mobil-home-au-camping-4-etoiles-en-loire-atlantique\"><strong>Stellpl\u00e4tze f\u00fcr Wohnwagencamping an der Smaragdk\u00fcste<\/strong><\/h1>\n\n\n\n<p class=\"has-text-align-center\">F\u00fcr die Liebhaber des Campings zwischen Meer und Land entdecken Sie alle unsere Angebote an Stellpl\u00e4tzen nach Ihren W\u00fcnschen.<\/p>\n\n\n\n<div class=\"wp-block-media-text alignwide has-media-on-the-right is-stacked-on-mobile is-image-fill-element animate right\"><div class=\"wp-block-media-text__content\">\n<h2 class=\"wp-block-heading\" id=\"caravane\">Die Wohnwagenpauschale<\/h2>\n\n\n\n<figure class=\"wp-block-image size-full\"><img decoding=\"async\" src=\"https:\/\/www.mirabel-mielles.com\/wp-content\/uploads\/2022\/09\/barre-bleue.png\" alt=\"camping saint cast le guildo\" class=\"wp-image-5969\"\/><\/figure>\n\n\n\n<p>Lust auf einen <strong>Langzeitaufenthalt auf unserem Campingplatz in Saint-Cast? <\/strong>W\u00e4hlen Sie die Wohnwagenpauschale und richten Sie sich auf einem unserer Stellpl\u00e4tze f\u00fcr eine <strong>Dauer von vier Monaten.<\/strong> So k\u00f6nnen Sie die gesamte Sommersaison und das bunte Treiben in Saint-Cast genie\u00dfen und sich auch in der Nebensaison vergn\u00fcgen.<\/p>\n\n\n\n<p><strong>In der Pauschale enthalten sind:<\/strong> den Stellplatz f\u00fcr 2 Personen, den Stromanschluss, ein Auto und den Zugang zu allen Dienstleistungen des Campingplatzes.<\/p>\n<\/div><figure class=\"wp-block-media-text__media\"><img loading=\"lazy\" decoding=\"async\" width=\"1024\" height=\"683\" src=\"https:\/\/www.mirabel-clostranquille.com\/wp-content\/uploads\/2022\/11\/1-emplacement-forfait-caravane-guildo-1-1024x683.jpg\" alt=\"camping saint cast le guildo\" class=\"wp-image-7013 size-full\" style=\"object-position:50% 50%\" srcset=\"https:\/\/www.mirabel-clostranquille.com\/wp-content\/uploads\/2022\/11\/1-emplacement-forfait-caravane-guildo-1-1024x683.jpg 1024w, https:\/\/www.mirabel-clostranquille.com\/wp-content\/uploads\/2022\/11\/1-emplacement-forfait-caravane-guildo-1-300x200.jpg 300w, https:\/\/www.mirabel-clostranquille.com\/wp-content\/uploads\/2022\/11\/1-emplacement-forfait-caravane-guildo-1-768x512.jpg 768w, https:\/\/www.mirabel-clostranquille.com\/wp-content\/uploads\/2022\/11\/1-emplacement-forfait-caravane-guildo-1.jpg 1200w\" sizes=\"auto, (max-width: 1024px) 100vw, 1024px\" \/><\/figure><\/div>\n\n\n\n<div style=\"height:46px\" aria-hidden=\"true\" class=\"wp-block-spacer\"><\/div>\n\n\n\n<div class=\"wp-block-columns is-layout-flex wp-container-core-columns-is-layout-28f84493 wp-block-columns-is-layout-flex\">\n<div class=\"wp-block-column is-layout-flow wp-block-column-is-layout-flow\">\n<div class=\"wp-block-media-text alignwide is-stacked-on-mobile is-image-fill-element animate left front-page-section grey\"><figure class=\"wp-block-media-text__media\"><img loading=\"lazy\" decoding=\"async\" width=\"1024\" height=\"768\" src=\"https:\/\/www.mirabel-clostranquille.com\/wp-content\/uploads\/2022\/11\/emplacement-clos-tranquille-1024x768.jpg\" alt=\"camping saint cast le guildo\" class=\"wp-image-7017 size-full\" style=\"object-position:50% 50%\" srcset=\"https:\/\/www.mirabel-clostranquille.com\/wp-content\/uploads\/2022\/11\/emplacement-clos-tranquille-1024x768.jpg 1024w, https:\/\/www.mirabel-clostranquille.com\/wp-content\/uploads\/2022\/11\/emplacement-clos-tranquille-300x225.jpg 300w, https:\/\/www.mirabel-clostranquille.com\/wp-content\/uploads\/2022\/11\/emplacement-clos-tranquille-768x576.jpg 768w, https:\/\/www.mirabel-clostranquille.com\/wp-content\/uploads\/2022\/11\/emplacement-clos-tranquille.jpg 1200w\" sizes=\"auto, (max-width: 1024px) 100vw, 1024px\" \/><\/figure><div class=\"wp-block-media-text__content\">\n<h2 class=\"wp-block-heading\" id=\"emplacements\">Die ger\u00e4umigen und abgegrenzten Stellpl\u00e4tze<\/h2>\n\n\n\n<figure class=\"wp-block-image size-full\"><img decoding=\"async\" src=\"https:\/\/www.mirabel-mielles.com\/wp-content\/uploads\/2022\/09\/barre-bleue.png\" alt=\"camping saint cast le guildo\" class=\"wp-image-5969\"\/><\/figure>\n\n\n\n<figure class=\"wp-block-image alignleft size-full is-resized\"><img loading=\"lazy\" decoding=\"async\" width=\"300\" height=\"264\" src=\"https:\/\/www.mirabel-clostranquille.com\/wp-content\/uploads\/2022\/11\/tente-1-300x264-1.png\" alt=\"Zeltplatz an einem ruhigen Clos\" class=\"wp-image-7763\" style=\"width:75px;height:66px\"\/><\/figure>\n\n\n\n<p>Vom 1<sup>er<\/sup> Mai bis 15. September, w\u00e4hlen Sie einen unserer Stellpl\u00e4tze f\u00fcr Ihren <strong>Zelt<\/strong>, <strong>Wohnwagen<\/strong> oder <strong>Wohnmobil<\/strong>. Buchen Sie Ihren Campingurlaub auf unseren Gr\u00fcnfl\u00e4chen <strong>von 100m2 bis 150m2<\/strong>. Alle sind durch h\u00fcbsche, bl\u00fchende Hecken voneinander getrennt, sodass Sie gen\u00fcgend Privatsph\u00e4re haben, um Ihren Urlaub in vollen Z\u00fcgen zu genie\u00dfen.<\/p>\n\n\n\n<p><em>Achtung: Biologische Sanierung, bitte entleeren Sie Ihre chemische Toilette nicht in den Sanit\u00e4ranlagen des Campingplatzes.<\/em><\/p>\n<\/div><\/div>\n\n\n\n<div style=\"height:30px\" aria-hidden=\"true\" class=\"wp-block-spacer\"><\/div>\n<\/div>\n<\/div>\n\n\n\n<h2 class=\"wp-block-heading\" id=\"gamme-superieure-de-l-espace-et-du-confort\"><img loading=\"lazy\" decoding=\"async\" width=\"50\" height=\"44\" class=\"wp-image-7763\" style=\"width: 50px;\" src=\"https:\/\/www.mirabel-clostranquille.com\/wp-content\/uploads\/2022\/11\/tente-1-300x264-1.png\" alt=\"camping saint cast le guildo\"> Langfristige Vermietung von Stellpl\u00e4tzen<\/h2>\n\n\n\n<figure class=\"wp-block-image size-full\"><img decoding=\"async\" src=\"https:\/\/www.campinglarenaudiere.com\/wp-content\/uploads\/2022\/01\/barre-bleue.png\" alt=\"camping saint cast le guildo\" class=\"wp-image-2382\"\/><\/figure>\n\n\n\n<p>Um Ihr Langzeit-Wohnwagenpaket zu buchen, kontaktieren Sie uns : <\/p>\n\n\n\n<ul class=\"wp-block-list\">\n<li>per Telefon unter <a href=\"http:\/\/02%2096%2041%2029%2072\/\">02 96 41 29 72<\/a>, <\/li>\n\n\n\n<li>per Mail <a href=\"mailto:clos@mirabel-campings.com\">clos@mirabel-campings.com<\/a> <\/li>\n\n\n\n<li>oder auf dem <a href=\"https:\/\/www.mirabel-clostranquille.com\/de\/kontakt-camping-clos-tranquille\/\">Kontaktformular<\/a>.<\/li>\n<\/ul>\n\n\n\n<div style=\"height:27px\" aria-hidden=\"true\" class=\"wp-block-spacer\"><\/div>\n\n\n\n<div class=\"wp-block-columns is-layout-flex wp-container-core-columns-is-layout-28f84493 wp-block-columns-is-layout-flex\">\n<div class=\"wp-block-column has-white-color has-text-color is-layout-flow wp-block-column-is-layout-flow\" id=\"options\">\n<div class=\"wp-block-group card h-100 pl-4 pr-4 pt-4 rounded-lg border border-info is-layout-flow wp-block-group-is-layout-flow\">\n<p class=\"has-text-align-left has-turquoise-color has-text-color has-medium-font-size\"><img decoding=\"async\" class=\"wp-image-1933\" style=\"width: 50px;\" src=\"https:\/\/www.campinglarenaudiere.com\/wp-content\/uploads\/2021\/12\/etoile.png\" alt=\"Stern\">   &nbsp;      <strong>OPTIONAL<\/strong><\/p>\n\n\n\n<figure class=\"wp-block-table text-left table-tarifs\"><table class=\"has-turquoise-color has-text-color\"><tbody><tr><td> <strong><mark style=\"background-color:rgba(0, 0, 0, 0)\" class=\"has-inline-color has-orange-color\"><mark style=\"background-color:rgba(0, 0, 0, 0)\" class=\"has-inline-color has-orange-color\">\u2022<\/mark>  <\/mark>Elektrizit\u00e4t<\/strong><\/td><td class=\"has-text-align-left\" data-align=\"left\"> <strong>6\u20ac\/Tag<\/strong>                 <\/td><\/tr><tr><td><strong> <span class=\"has-inline-color has-orange-color\">\u2022<\/span> <\/strong> <strong>Verleih von Babyausstattungen<br><\/strong><em>(Kinderbett und Hochstuhl) <\/em><\/td><td class=\"has-text-align-left\" data-align=\"left\"> <strong>3\u20ac\/Tag<\/strong><\/td><\/tr><tr><td><strong> <mark style=\"background-color:rgba(0, 0, 0, 0)\" class=\"has-inline-color has-orange-color\">\u2022<\/mark> Zus\u00e4tzliches Fahrzeug<\/strong><\/td><td class=\"has-text-align-left\" data-align=\"left\"> <strong>3\u20ac\/Tag<\/strong><\/td><\/tr><tr><td><strong> <mark style=\"background-color:rgba(0, 0, 0, 0)\" class=\"has-inline-color has-orange-color\">\u2022<\/mark> <\/strong> <strong>WIFI<\/strong><br><em>(stundenweise oder pauschal)<\/em><\/td><td class=\"has-text-align-left\" data-align=\"left\"> <strong>5\u20ac \/ 26\u20ac <\/strong><\/td><\/tr><tr><td><strong> <mark style=\"background-color:rgba(0, 0, 0, 0)\" class=\"has-inline-color has-orange-color\">\u2022<\/mark> <\/strong> <strong>W\u00e4scherei <br><\/strong><em>(Waschmaschine 5\u20ac, Waschmittel 1\u20ac, W\u00e4schetrockner 4\u20ac)<\/em><\/td><td class=\"has-text-align-left\" data-align=\"left\"><strong> 1\u20ac \/ 5\u20ac <\/strong><\/td><\/tr><tr><td><strong> <mark style=\"background-color:rgba(0, 0, 0, 0)\" class=\"has-inline-color has-orange-color\">\u2022<\/mark> <\/strong> <strong>Haustiere akzeptiert  <em><br><\/em><\/strong><em>(Katze und Hunde, au\u00dfer Kat 1 und 2, <\/em><br><em>maximal 2 pro Stellplatz)<\/em> <\/td><td class=\"has-text-align-left\" data-align=\"left\"> <strong>3\u20ac\/Tag <\/strong><\/td><\/tr><tr><td><strong><mark style=\"background-color:rgba(0, 0, 0, 0)\" class=\"has-inline-color has-orange-color\">\u2022<\/mark><\/strong> <strong>Grill <br><\/strong><em>Zur Selbstbedienung auf dem Campingplatz (Gitter an der Rezeption erh\u00e4ltlich, <\/em><br><em>Kaution 20\u20ac)<\/em><\/td><td class=\"has-text-align-left\" data-align=\"left\"> <strong>Kostenlos<\/strong><\/td><\/tr><\/tbody><\/table><\/figure>\n<\/div>\n<\/div>\n\n\n\n<div class=\"wp-block-column is-vertically-aligned-top has-orange-color has-white-color has-text-color is-layout-flow wp-block-column-is-layout-flow\">\n<div class=\"wp-block-cover aligncenter card h-100 pl-4 pr-4 pt-4 rounded-lg border border-info\"><img decoding=\"async\" class=\"wp-block-cover__image-background wp-image-1376\" alt=\"\" src=\"https:\/\/www.campinglarenaudiere.com\/wp-content\/uploads\/2022\/01\/services-camping-Pornic.jpg\" style=\"object-position:61% 50%\" data-object-fit=\"cover\" data-object-position=\"61% 50%\"\/><span aria-hidden=\"true\" class=\"wp-block-cover__background has-turquoise-background-color has-background-dim-80 has-background-dim\"><\/span><div class=\"wp-block-cover__inner-container is-layout-flow wp-block-cover-is-layout-flow\">\n<p class=\"has-text-align-center has-medium-font-size\"><img decoding=\"async\" class=\"wp-image-1977\" style=\"width: 70px;\" src=\"https:\/\/www.campinglarenaudiere.com\/wp-content\/uploads\/2021\/12\/smile-blanc.png\" alt=\"camping saint cast le guildo\"> <strong> PRAXIS<\/strong><\/p>\n\n\n\n<div style=\"height:18px\" aria-hidden=\"true\" class=\"wp-block-spacer\"><\/div>\n\n\n\n<p class=\"wp-block-sev-picto-text\"><i class=\"fa fa-clock\"><\/i><span>Ankunft ab 14 Uhr und Abreise bis 12 Uhr<\/span><\/p>\n\n\n\n<p class=\"wp-block-sev-picto-text\"><i class=\"fas fa-wifi\"><\/i><span>Kostenpflichtiges WLAN (zwischen 5 und 26\u20ac, je nach Dauer und Anzahl der Ger\u00e4te)<\/span><\/p>\n\n\n\n<div style=\"height:32px\" aria-hidden=\"true\" class=\"wp-block-spacer\"><\/div>\n\n\n\n<p class=\"has-text-align-center\"><strong>\u00d6ffnungszeiten der Rezeption <\/strong> <br><img decoding=\"async\" class=\"wp-image-4325\" style=\"width: 49px;\" src=\"https:\/\/www.campinglarenaudiere.com\/wp-content\/uploads\/2021\/12\/barre-camping-1.png\" alt=\"camping saint cast le guildo\"><\/p>\n\n\n\n<p class=\"has-text-align-center\">Nebensaison: 10:00 bis 12:00 Uhr und 14:00 bis 18:00 Uhr<br>Juli - August<em>&nbsp;<\/em>: 9h bis 12h und 14h bis 19h<\/p>\n<\/div><\/div>\n<\/div>\n<\/div>\n\n\n\n<p><\/p>\n\n\n\n<p class=\"has-text-align-center texte-rond mt-5 has-orange-color has-text-color has-large-font-size\">Was es auf dem Campingplatz zu entdecken gibt<\/p>\n\n\n\n<div class=\"wp-block-columns are-vertically-aligned-center h-20 front-page-section grey is-layout-flex wp-container-core-columns-is-layout-28f84493 wp-block-columns-is-layout-flex\">\n<div class=\"wp-block-column is-layout-flow wp-block-column-is-layout-flow\"><\/div>\n\n\n\n<div class=\"wp-block-column is-layout-flow wp-block-column-is-layout-flow\">\n<div class=\"wp-block-create-block-sevgutenberg-navigation\"><aside class=\"encart-sev-navigation small carre\"><a href=\"https:\/\/www.mirabel-clostranquille.com\/de\/zweitwohnsitz-bretagne\/\" class=\"d-flex flex-column align-items-center\"><div class=\"encart-title\"><span>Werden Sie Eigent\u00fcmer<\/span><\/div><div class=\"vague\"><\/div><img decoding=\"async\" src=\"https:\/\/www.mirabel-clostranquille.com\/wp-content\/uploads\/2022\/11\/maison-famille-tranquille-camping.jpg\" alt=\"eigent\u00fcmer werden in le clos tranquille\"\/><div class=\"ligne\"><\/div><div class=\"hover\"><\/div><\/a><\/aside><\/div>\n<\/div>\n\n\n\n<div class=\"wp-block-column is-vertically-aligned-center is-layout-flow wp-block-column-is-layout-flow\">\n<div class=\"wp-block-create-block-sevgutenberg-navigation\"><aside class=\"encart-sev-navigation small carre\"><a href=\"https:\/\/www.mirabel-clostranquille.com\/de\/campingdienste\/\" class=\"d-flex flex-column align-items-center\"><div class=\"encart-title\"><span>Dienste<\/span><\/div><div class=\"vague\"><\/div><img decoding=\"async\" src=\"https:\/\/www.mirabel-clostranquille.com\/wp-content\/uploads\/2022\/11\/clos-6.jpg\" alt=\"lebensmittelgesch\u00e4ft le clos tranquille\"\/><div class=\"ligne\"><\/div><div class=\"hover\"><\/div><\/a><\/aside><\/div>\n<\/div>\n\n\n\n<div class=\"wp-block-column is-vertically-aligned-center is-layout-flow wp-block-column-is-layout-flow\">\n<div class=\"wp-block-create-block-sevgutenberg-navigation\"><aside class=\"encart-sev-navigation small carre\"><a href=\"https:\/\/www.mirabel-clostranquille.com\/de\/die-erfahrungen\/\" class=\"d-flex flex-column align-items-center\"><div class=\"encart-title\"><span>Erfahrungen<\/span><\/div><div class=\"vague\"><\/div><img decoding=\"async\" src=\"https:\/\/www.mirabel-clostranquille.com\/wp-content\/uploads\/2022\/11\/header-enfants-vacances.jpg\" alt=\"erfahrung kinder im urlaub\"\/><div class=\"ligne\"><\/div><div class=\"hover\"><\/div><\/a><\/aside><\/div>\n<\/div>\n\n\n\n<div class=\"wp-block-column is-layout-flow wp-block-column-is-layout-flow\"><\/div>\n<\/div>","protected":false},"excerpt":{"rendered":"<p>Des emplacements pour camping caravaning sur la C\u00f4te d\u2019\u00c9meraude Pour les amoureux du camping entre mer et campagne, d\u00e9couvrez toutes [&hellip;]<\/p>\n","protected":false},"author":1,"featured_media":0,"parent":0,"menu_order":0,"comment_status":"closed","ping_status":"closed","template":"","meta":{"_seopress_robots_primary_cat":"","_seopress_titles_title":"Emplacements en location au Clos Tranquille","_seopress_titles_desc":"R\u00e9servez votre emplacement pour vos prochaines vacances, en tente, en caravane ou en camping-car venez s\u00e9journer au Clos Tranquille en Bretagne","_seopress_robots_index":"","footnotes":""},"class_list":["post-6917","page","type-page","status-publish","hentry"],"_links":{"self":[{"href":"https:\/\/www.mirabel-clostranquille.com\/de\/wp-json\/wp\/v2\/pages\/6917","targetHints":{"allow":["GET"]}}],"collection":[{"href":"https:\/\/www.mirabel-clostranquille.com\/de\/wp-json\/wp\/v2\/pages"}],"about":[{"href":"https:\/\/www.mirabel-clostranquille.com\/de\/wp-json\/wp\/v2\/types\/page"}],"author":[{"embeddable":true,"href":"https:\/\/www.mirabel-clostranquille.com\/de\/wp-json\/wp\/v2\/users\/1"}],"replies":[{"embeddable":true,"href":"https:\/\/www.mirabel-clostranquille.com\/de\/wp-json\/wp\/v2\/comments?post=6917"}],"version-history":[{"count":34,"href":"https:\/\/www.mirabel-clostranquille.com\/de\/wp-json\/wp\/v2\/pages\/6917\/revisions"}],"predecessor-version":[{"id":10391,"href":"https:\/\/www.mirabel-clostranquille.com\/de\/wp-json\/wp\/v2\/pages\/6917\/revisions\/10391"}],"wp:attachment":[{"href":"https:\/\/www.mirabel-clostranquille.com\/de\/wp-json\/wp\/v2\/media?parent=6917"}],"curies":[{"name":"wp","href":"https:\/\/api.w.org\/{rel}","templated":true}]}}